{"id":233,"date":"2024-07-18T15:47:26","date_gmt":"2024-07-18T15:47:26","guid":{"rendered":"https:\/\/faunam.org\/?page_id=233"},"modified":"2024-12-09T18:25:22","modified_gmt":"2024-12-09T18:25:22","slug":"proyectos_realizados","status":"publish","type":"page","link":"https:\/\/faunam.org\/en\/proyectos_realizados\/","title":{"rendered":"Proyectos concluidos"},"content":{"rendered":"<p>FAUNAM cuenta con m\u00e1s de 90 proyectos realizados y concluidos de forma exitosa, a continuaci\u00f3n, se muestran tan solo 37 ejemplos:<\/p>\n\n\n\n<ol class=\"wp-block-list\">\n<li>Rescate de fauna en la presa de Chicoas\u00e9n Chiapas. Campa\u00f1a de difusi\u00f3n, recaudaci\u00f3n de fondos, cabildeo, programaci\u00f3n y ejecuci\u00f3n de los eventos de rescate, captura y translocaci\u00f3n de fauna y flora silvestres del Ca\u00f1\u00f3n del Sumidero, Chiapas, amenazada por la construcci\u00f3n de la presa hidroel\u00e9ctrica de Chicoas\u00e9n (Presa Manuel Moreno Torres). (1976 \u2013 1980)<\/li>\n\n\n\n<li>Estudio de h\u00e1bitos alimenticios y abundancia del Zorrillo Listado (Mephitis macroura macroura), en la zona de El Capul\u00edn, entre los l\u00edmites de los estados de M\u00e9xico y Morelos. Biolog\u00edas de Campo I y II, Facultad de Ciencias, UNAM. (1979 \u2013 1980)<\/li>\n\n\n\n<li>Establecimiento, puesta en marcha y gesti\u00f3n de la Reserva de la Biosfera El Triunfo Chiapas (Dise\u00f1o, levantamiento, caminamiento, zonificaci\u00f3n, decreto, estudios t\u00e9cnicos). (1987 \u2013 1991)<\/li>\n\n\n\n<li class=\"list-link\"><a href=\"http:\/\/faunam.org\/en\/docs\/Odocoileus_hemionus_ssp _cerrosensis.pdf\/\" target=\"_blank\" rel=\"noreferrer noopener\">Estudio del Venado Bura de Isla Cedros <\/a>, Baja California, M\u00e9xico para el Cervid Specialist Group Species Survival Commission (SSC-IUCN y WWF International Joint Project (1980 \u2013 1981). Y para Foundation for Field Research (1992 \u2013 1993)<\/li>\n\n\n\n<li>Contribuci\u00f3n al conocimiento y conservaci\u00f3n del berrendo de Baja California (Antilocapra americana peninsularis, Antilocapridae, Mammalia) en el Desierto de Vizca\u00edno, Baja California Sur, M\u00e9xico. Varios trabajos y publicaciones. (1980 \u2013 1992)<\/li>\n\n\n\n<li>Coordinaci\u00f3n, edici\u00f3n y coautor\u00eda de la Primera propuesta de Plan de Manejo de la Reserva Integral de la Bi\u00f3sfera de Montes Azules, Selva Lacandona Chiapas. para el Gobierno del Estado de Chiapas (1991).<\/li>\n<\/ol>\n\n\n\n<div class=\"wp-block-group flex-column flex-md-row proyecto-imagenes is-nowrap is-layout-flex wp-container-core-group-is-layout-ad2f72ca wp-block-group-is-layout-flex\">\n<figure class=\"wp-block-image size-large is-resized col-xs-12 col-md-6\"><img loading=\"lazy\" decoding=\"async\" width=\"1024\" height=\"730\" src=\"https:\/\/faunam.org\/wp-content\/uploads\/2024\/07\/Llano_Capulin-1024x730.jpg\" alt=\"\" class=\"wp-image-234\" style=\"width:auto;height:300px\" srcset=\"https:\/\/faunam.org\/wp-content\/uploads\/2024\/07\/Llano_Capulin-1024x730.jpg 1024w, https:\/\/faunam.org\/wp-content\/uploads\/2024\/07\/Llano_Capulin-300x214.jpg 300w, https:\/\/faunam.org\/wp-content\/uploads\/2024\/07\/Llano_Capulin-768x548.jpg 768w, https:\/\/faunam.org\/wp-content\/uploads\/2024\/07\/Llano_Capulin-1536x1095.jpg 1536w, https:\/\/faunam.org\/wp-content\/uploads\/2024\/07\/Llano_Capulin-2048x1461.jpg 2048w\" sizes=\"auto, (max-width: 1024px) 100vw, 1024px\" \/><\/figure>\n\n\n\n<figure class=\"wp-block-image size-full is-resized col-xs-12 col-md-6\"><img loading=\"lazy\" decoding=\"async\" width=\"1024\" height=\"797\" src=\"https:\/\/faunam.org\/wp-content\/uploads\/2024\/07\/Berrenda_hembra_San_Hipolito_REBIVI_1984.jpeg\" alt=\"\" class=\"wp-image-235\" style=\"width:auto;height:300px\" srcset=\"https:\/\/faunam.org\/wp-content\/uploads\/2024\/07\/Berrenda_hembra_San_Hipolito_REBIVI_1984.jpeg 1024w, https:\/\/faunam.org\/wp-content\/uploads\/2024\/07\/Berrenda_hembra_San_Hipolito_REBIVI_1984-300x233.jpeg 300w, https:\/\/faunam.org\/wp-content\/uploads\/2024\/07\/Berrenda_hembra_San_Hipolito_REBIVI_1984-768x598.jpeg 768w\" sizes=\"auto, (max-width: 1024px) 100vw, 1024px\" \/><\/figure>\n<\/div>\n\n\n\n<ol start=\"7\" class=\"wp-block-list\">\n<li>Proveedor oficial de la informaci\u00f3n actualizada sobre las \u00c1reas Naturales Protegidas de M\u00e9xico para el World Conservation Monitoring Centre (IUCN, UNEP, WWF) por encargo del Instituto Nacional de Ecolog\u00eda (1992 \u2013 1994)<\/li>\n\n\n\n<li>Estudio de factibilidad para la creaci\u00f3n y dise\u00f1o del Centro de Estudios Estrat\u00e9gicos para el Desarrollo Sostenible, hoy CESPEDES del Consejo Coordinador Empresarial (CCE) (1992 \u2013 1996)<\/li>\n\n\n\n<li class=\"list-link\">Conducci\u00f3n del Proyecto de Investigaci\u00f3n y publicaci\u00f3n del libro \u201cLa importancia econ\u00f3mica de los vertebrados silvestres de M\u00e9xico\u201d. <a href=\"http:\/\/www.conabio.gob.mx\/institucion\/cgi-bin\/datos.cgi?Letras=E&amp;Numero=15\" target=\"_blank\" rel=\"noreferrer noopener\">Proyecto A-001 de CONABIO<\/a> (1993 \u2013 1995)<\/li>\n\n\n\n<li>Responsables de la coordinaci\u00f3n de los estudios de prefactibilidad y estudio de factibilidad para el establecimiento de una \u201cRed para el Desarrollo Sustentable\u201d (RDS), conducci\u00f3n del Proyecto Ejecutivo de la RDS. Programa de Naciones Unidas para el Desarrollo (PNUD) (1993 \u2013 1996).<\/li>\n\n\n\n<li>Responsables del Proyecto \u201cMetodolog\u00eda para la Integraci\u00f3n de un Sistema Central de Informaci\u00f3n sobre Infracciones e Infractores contra los recursos naturales (Flora y Fauna Silvestres Terrestres) de la Rep\u00fablica Mexicana\u201d (SIRENA) para la PROFEPA (1995 \u2013 1996).<\/li>\n\n\n\n<li>Responsable del Proyecto \u201cIntegraci\u00f3n de un Sistema de Informaci\u00f3n sobre Legislaci\u00f3n relativa al Aprovechamiento de elementos de la Vida Silvestre en \u00c1reas Naturales Protegidas del Sureste de M\u00e9xico (SILEAVISAN)\u201d para PRONATURA (1996 \u2013 1997).<\/li>\n\n\n\n<li>Estudio, consulta y dise\u00f1o para el establecimiento del Fondo para las \u00c1reas Naturales Protegidas. Consejo Nacional de \u00c1reas Naturales Protegidas de la Secretar\u00eda de Medio Ambiente, Recursos Naturales y Pesca (SEMARNAP) y Fondo Mexicano para la Conservaci\u00f3n de la Naturaleza (FMCN), M\u00e9xico (1996 \u2013 1997).<\/li>\n\n\n\n<li>Proyectos (piloto y posteriores) de capacitaci\u00f3n para las comunidades rurales que habitan en \u00e1reas de invernaci\u00f3n de la mariposa monarca para el U.S. Fish &amp; Wildlife Service del Departamento del Interior del Gobierno de los E.U.A., en conjunto con el Instituto Mexicano de Recursos Naturales Renovables (IMERNAR y el Centro campesino para el Desarrollo Sustentable, A.C. (1997 \u2013 1999).<\/li>\n\n\n\n<li>Elaboraci\u00f3n de un proyecto de capacitaci\u00f3n, asistencia t\u00e9cnica, manejo y producci\u00f3n en semicautivero de especies de fauna silvestre para el Centro de Capacitaci\u00f3n Rural en producci\u00f3n de especies de vida silvestre, Tepoztl\u00e1n, Morelos (M\u00e9xico) (1998).<\/li>\n\n\n\n<li>Formulaci\u00f3n del programa estrat\u00e9gico y asesor\u00eda acad\u00e9mica y cient\u00edfica para el lanzamiento de la asociaci\u00f3n civil Fundaci\u00f3n Hombre Naturaleza, A.C. de Emmanuel Acha (cantante) (1998).<\/li>\n\n\n\n<li>Coordinaci\u00f3n general y conducci\u00f3n del proceso para la elaboraci\u00f3n de la \u201cEstrategia Mexicana para la Conservaci\u00f3n y el Uso de la Biodiversidad\u201d para CONABIO (1998 \u2013 2000).<\/li>\n\n\n\n<li>Estudio sobre el Financiamiento y consecuci\u00f3n de apoyos y fondos en \u00e1reas naturales protegidas de M\u00e9xico. Estudio de caso para 31 \u00e1reas selectas (1999).<\/li>\n\n\n\n<li>Desarrollo de un an\u00e1lisis estrat\u00e9gico para la eventual operaci\u00f3n de SEAWEB en M\u00e9xico generando el informe final \u201cMarine Conservation in Mexico, Strategic Evaluation\u201d (1999 \u2013 2000)<\/li>\n\n\n\n<li>An\u00e1lisis de los costos incrementales para la Reserva de la Biosfera Sierra Gorda, Quer\u00e9taro para Grupo Ecol\u00f3gico Sierra Gorda I.A.P y el PNUD (2000).<\/li>\n\n\n\n<li class=\"list-link\">Responsable de los proyectos &#8220;Asegurando la riqueza biol\u00f3gica del continente: Hacia la conservaci\u00f3n efectiva de la biodiversidad en Norte Am\u00e9rica\u201d, <a href=\"http:\/\/www3.cec.org\/islandora\/es\/item\/1934-strategic-plan-north-american-cooperation-in-conservation-biodiversity-es.pdf\" target=\"_blank\" rel=\"noreferrer noopener\">Estrategia de Conservaci\u00f3n de la Biodiversidad de Norteam\u00e9rica<\/a> , an\u00e1lisis para el Programa compartido de Monitoreo para \u00e1reas protegidas marinas de la costa oeste de Norteam\u00e9rica y Dossiers sobre Conservaci\u00f3n y Uso de Suelo y sobre Conservaci\u00f3n de Especies de Preocupaci\u00f3n Com\u00fan entre M\u00e9xico, EE.UU. y Canad\u00e1 y Consejo de Ministros para la Comisi\u00f3n de Cooperaci\u00f3n Ambiental (CCA) (2000 \u2013 2007).<\/li>\n\n\n\n<li>Evaluaci\u00f3n y diagn\u00f3stico cr\u00edtico de diez a\u00f1os del Programa de Peque\u00f1as Donaciones en M\u00e9xico. Para el Programa de las Naciones Unidas para el Desarrollo (PNUD) M\u00e9xico (2001).<\/li>\n\n\n\n<li>Conducci\u00f3n (outsourcing) del Programa Agua para la Fundaci\u00f3n Gonzalo R\u00edo Arronte I.A.P. en coordinaci\u00f3n con PG7 Consultores. (2001 \u2013 2015)<\/li>\n\n\n\n<li>Evaluaci\u00f3n del desempe\u00f1o a lo largo de una d\u00e9cada del Programa M\u00e9xico del North American Wetland Conservation Council (NAWCC). (2002 \u2013 2003)<\/li>\n\n\n\n<li>Evaluaci\u00f3n t\u00e9cnica de la operaci\u00f3n en M\u00e9xico de la Convenci\u00f3n sobre el Comercio Internacional de Especies de Flora y Fauna en Riesgo (CITES). Para TRAFFIC North America y WWF. (2002 \u2013 2003).<\/li>\n<\/ol>\n\n\n\n<div class=\"wp-block-group is-content-justification-center is-nowrap is-layout-flex wp-container-core-group-is-layout-94bc23d7 wp-block-group-is-layout-flex\">\n<figure class=\"wp-block-image size-full is-resized\"><img loading=\"lazy\" decoding=\"async\" width=\"897\" height=\"600\" src=\"https:\/\/faunam.org\/wp-content\/uploads\/2024\/07\/Aduana_AICM_Python_reticulatus_cinturones_01.jpg\" alt=\"\" class=\"wp-image-236\" style=\"object-fit:contain;width:450px;height:350px\" srcset=\"https:\/\/faunam.org\/wp-content\/uploads\/2024\/07\/Aduana_AICM_Python_reticulatus_cinturones_01.jpg 897w, https:\/\/faunam.org\/wp-content\/uploads\/2024\/07\/Aduana_AICM_Python_reticulatus_cinturones_01-300x201.jpg 300w, https:\/\/faunam.org\/wp-content\/uploads\/2024\/07\/Aduana_AICM_Python_reticulatus_cinturones_01-768x514.jpg 768w, https:\/\/faunam.org\/wp-content\/uploads\/2024\/07\/Aduana_AICM_Python_reticulatus_cinturones_01-360x240.jpg 360w\" sizes=\"auto, (max-width: 897px) 100vw, 897px\" \/><\/figure>\n<\/div>\n\n\n\n<ol start=\"26\" class=\"wp-block-list\">\n<li class=\"list-link\">Participaci\u00f3n en el dise\u00f1o y coordinaci\u00f3n de la elaboraci\u00f3n de la primera <a href=\"https:\/\/www.cbd.int\/doc\/nbsap\/sbsap\/mx-sbsap-morelos-es.pdf\" target=\"_blank\" rel=\"noreferrer noopener\">Estrategia Estatal sobre Biodiversidad de Morelos<\/a> para Comisi\u00f3n Estatal del Agua y Medio Ambiente (CEAMA) y CONABIO (2003).<\/li>\n\n\n\n<li>Participaci\u00f3n y conducci\u00f3n de Evaluaci\u00f3n Externa Independiente del Proyecto de \u00c1reas Naturales Protegidas, en dos ocasiones, para el GEF, Banco Mundial, Gobierno de M\u00e9xico y el Fondo de \u00c1reas Naturales Protegidas. (2000 y 2003).<\/li>\n\n\n\n<li>Dise\u00f1o y conducci\u00f3n del proyecto: Interacciones humanos-vida silvestre en la Reserva de la Biosfera de Sierra Gorda. Rufford Small Grants for Nature Conservation en asociaci\u00f3n con la Whitley Laing Foundation (2004 \u2013 2007).<\/li>\n\n\n\n<li>Asesor\u00eda en la elaboraci\u00f3n del Plan de Acci\u00f3n para la Conservaci\u00f3n de los Ambist\u00f3midos Mexicanos con SSC-IUCN y Durrell Institute of Conservation &amp; Ecology (DICE-University of Kent) (2005).<\/li>\n\n\n\n<li class=\"list-link\">An\u00e1lisis <a href=\"https:\/\/www.researchgate.net\/publication\/225371510_Understanding_investment_in_biodiversity_conservation_in_Mexico\" target=\"_blank\" rel=\"noreferrer noopener\">\u201cRecursos dedicados a la Conservaci\u00f3n de los Recursos Naturales en M\u00e9xico: Un An\u00e1lisis Espacial y Temporal\u201d<\/a> , para la Iniciativa Ambiental Cuencas de USAID<\/li>\n\n\n\n<li>Asistencia T\u00e9cnica para la puesta en marcha del Programa de Conservaci\u00f3n de Especies en Riesgo 2007-2012 para la CONANP (SEMARNAT) (2007).<\/li>\n\n\n\n<li class=\"list-link\"><a href=\"https:\/\/www.researchgate.net\/publication\/262485658_Analisis_de_vulnerabilidad_de_la_biodiversidad_frente_al_cambio_climatico_en_el_Estado_de_Morelos\" target=\"_blank\" rel=\"noreferrer noopener\">An\u00e1lisis de la vulnerabilidad de la Biodiversidad del Estado de Morelos ante el Cambio Clim\u00e1tico Global <\/a>. Programa de Gesti\u00f3n Ambiental Universitaria (PROGAU) Universidad Aut\u00f3noma del Estado de Morelos. (2011 y 2012).<\/li>\n\n\n\n<li>Estrategia de recuperaci\u00f3n de especies nativas y de control de especies ex\u00f3ticas en el Lago de P\u00e1tzcuaro. Universidad Michoacana de San Nicol\u00e1s de Hidalgo (UMSNH) e Instituto Mexicano de Tecnolog\u00eda del Agua (IMTA). (2011 \u2013 2012)<\/li>\n\n\n\n<li class=\"list-link\">Fortalecimiento de iniciativas locales de recuperaci\u00f3n del Achoque (Ambystoma dumerilii) P\u00e1tzcuaro, Michoac\u00e1n. Constituci\u00f3n y secretariado de la \u201c<a href=\"https:\/\/www.facebook.com\/share\/p\/xP7YB4wsi2Q9Knjk\/\" target=\"_blank\" rel=\"noreferrer noopener\"> Red Achoque<\/a> \u201d (2013 \u2013 2018)<\/li>\n\n\n\n<li>Uso Sustentable del Agua en el sector agroalimentario con CENTROAGUA, Inter-American Institute for Cooperation on Agriculture (IICA), GIZ e ITESM.<\/li>\n<\/ol>\n\n\n\n<div class=\"wp-block-group is-content-justification-center is-nowrap is-layout-flex wp-container-core-group-is-layout-94bc23d7 wp-block-group-is-layout-flex\">\n<figure class=\"wp-block-image size-full is-resized\"><img loading=\"lazy\" decoding=\"async\" width=\"242\" height=\"155\" src=\"https:\/\/faunam.org\/wp-content\/uploads\/2024\/07\/RedAchoque.png\" alt=\"\" class=\"wp-image-237\" style=\"object-fit:contain;width:350px;height:350px\"\/><\/figure>\n\n\n\n<figure class=\"wp-block-image size-large is-resized\"><img loading=\"lazy\" decoding=\"async\" width=\"1024\" height=\"768\" src=\"https:\/\/faunam.org\/wp-content\/uploads\/2024\/07\/2017-05-20-11.49.51-1024x768.jpg\" alt=\"\" class=\"wp-image-238\" style=\"object-fit:contain;width:350px;height:350px\" srcset=\"https:\/\/faunam.org\/wp-content\/uploads\/2024\/07\/2017-05-20-11.49.51-1024x768.jpg 1024w, https:\/\/faunam.org\/wp-content\/uploads\/2024\/07\/2017-05-20-11.49.51-300x225.jpg 300w, https:\/\/faunam.org\/wp-content\/uploads\/2024\/07\/2017-05-20-11.49.51-768x576.jpg 768w, https:\/\/faunam.org\/wp-content\/uploads\/2024\/07\/2017-05-20-11.49.51-1536x1152.jpg 1536w, https:\/\/faunam.org\/wp-content\/uploads\/2024\/07\/2017-05-20-11.49.51-2048x1536.jpg 2048w\" sizes=\"auto, (max-width: 1024px) 100vw, 1024px\" \/><\/figure>\n<\/div>\n\n\n\n<ol start=\"37\" class=\"wp-block-list\">\n<li class=\"list-link\">Investigaci\u00f3n e incidencia para la gesti\u00f3n integrada de cuencas hidrol\u00f3gicas a favor de las comunidades, la conservaci\u00f3n de la biodiversidad y la construcci\u00f3n de sustentabilidad en la Selva Lacandona, Chiapas. <a href=\"https:\/\/conahcyt.mx\/wp-content\/uploads\/convocatorias\/fordecyt\/fordecyt_2019-05\/FORDECYT_RESULTADOS_CONVOCATORIA%202019-05.pdf?_t=1623874871\" data-type=\"link\" data-id=\"https:\/\/conahcyt.mx\/wp-content\/uploads\/convocatorias\/fordecyt\/fordecyt_2019-05\/FORDECYT_RESULTADOS_CONVOCATORIA%202019-05.pdf?_t=1623874871\" target=\"_blank\" rel=\"noreferrer noopener\">Proyecto 309125<\/a>, aprobado en el marco de la <a href=\"https:\/\/conahcyt.mx\/convocatorias\/fordecyt\/convocatoria-abierta\/fordecyt-2019-05\/\" data-type=\"link\" data-id=\"https:\/\/conahcyt.mx\/convocatorias\/fordecyt\/convocatoria-abierta\/fordecyt-2019-05\/\" target=\"_blank\" rel=\"noreferrer noopener\">Convocatoria FORDECYT 2019-05<\/a> para \u201cElaboraci\u00f3n de propuestas de proyectos de investigaci\u00f3n e incidencia para la sustentabilidad de los sistemas socioecol\u00f3gicos\u201d. (2019 \u2013 2020)<\/li>\n<\/ol>\n\n\n\n<figure class=\"wp-block-video\"><video controls src=\"https:\/\/faunam.org\/assets\/videos\/Proyecto_Selva_La_candona_FAUNAM_FINAL.mp4\"><\/video><\/figure>\n\n\n\n<ol start=\"26\" class=\"wp-block-list\"><\/ol>\n\n\n\n<div style=\"height:50px\" aria-hidden=\"true\" class=\"wp-block-spacer\"><\/div>\n\n\n\n<p><\/p>","protected":false},"excerpt":{"rendered":"<p>FAUNAM cuenta con m\u00e1s de 90 proyectos realizados y concluidos de forma exitosa, a continuaci\u00f3n, se muestran tan solo 37 ejemplos:<\/p>","protected":false},"author":1,"featured_media":59,"parent":0,"menu_order":0,"comment_status":"closed","ping_status":"closed","template":"","meta":{"footnotes":""},"class_list":["post-233","page","type-page","status-publish","has-post-thumbnail","hentry"],"_links":{"self":[{"href":"https:\/\/faunam.org\/en\/wp-json\/wp\/v2\/pages\/233","targetHints":{"allow":["GET"]}}],"collection":[{"href":"https:\/\/faunam.org\/en\/wp-json\/wp\/v2\/pages"}],"about":[{"href":"https:\/\/faunam.org\/en\/wp-json\/wp\/v2\/types\/page"}],"author":[{"embeddable":true,"href":"https:\/\/faunam.org\/en\/wp-json\/wp\/v2\/users\/1"}],"replies":[{"embeddable":true,"href":"https:\/\/faunam.org\/en\/wp-json\/wp\/v2\/comments?post=233"}],"version-history":[{"count":15,"href":"https:\/\/faunam.org\/en\/wp-json\/wp\/v2\/pages\/233\/revisions"}],"predecessor-version":[{"id":779,"href":"https:\/\/faunam.org\/en\/wp-json\/wp\/v2\/pages\/233\/revisions\/779"}],"wp:featuredmedia":[{"embeddable":true,"href":"https:\/\/faunam.org\/en\/wp-json\/wp\/v2\/media\/59"}],"wp:attachment":[{"href":"https:\/\/faunam.org\/en\/wp-json\/wp\/v2\/media?parent=233"}],"curies":[{"name":"wp","href":"https:\/\/api.w.org\/{rel}","templated":true}]}}